{"id":94,"date":"2022-08-23T13:25:39","date_gmt":"2022-08-23T13:25:39","guid":{"rendered":"https:\/\/www.clinicarioblanco.cl\/?page_id=94"},"modified":"2024-12-30T14:18:26","modified_gmt":"2024-12-30T14:18:26","slug":"nuestros-profesionales","status":"publish","type":"page","link":"https:\/\/www.clinicarioblanco.cl\/?page_id=94","title":{"rendered":"Nuestros Profesionales"},"content":{"rendered":"<p>[et_pb_section fb_built=\u00bb1&#8243; _builder_version=\u00bb4.18.0&#8243; _module_preset=\u00bbdefault\u00bb background_color=\u00bbgcid-ea3780b4-edff-49eb-8a9d-bd9305f99ee1&#8243; da_disable_devices=\u00bboff|off|off\u00bb global_colors_info=\u00bb{%22gcid-ea3780b4-edff-49eb-8a9d-bd9305f99ee1%22:%91%22background_color%22%93}\u00bb da_is_popup=\u00bboff\u00bb da_exit_intent=\u00bboff\u00bb da_has_close=\u00bbon\u00bb da_alt_close=\u00bboff\u00bb da_dark_close=\u00bboff\u00bb da_not_modal=\u00bbon\u00bb da_is_singular=\u00bboff\u00bb da_with_loader=\u00bboff\u00bb da_has_shadow=\u00bbon\u00bb][et_pb_row _builder_version=\u00bb4.18.0&#8243; _module_preset=\u00bbdefault\u00bb global_colors_info=\u00bb{}\u00bb][et_pb_column type=\u00bb4_4&#8243; _builder_version=\u00bb4.18.0&#8243; _module_preset=\u00bbdefault\u00bb global_colors_info=\u00bb{}\u00bb][et_pb_text _builder_version=\u00bb4.18.0&#8243; _module_preset=\u00bbdefault\u00bb text_font=\u00bbPoppins||||||||\u00bb text_text_color=\u00bb#FFFFFF\u00bb text_font_size=\u00bb54px\u00bb background_layout=\u00bbdark\u00bb width=\u00bb100%\u00bb max_width=\u00bb100%\u00bb global_colors_info=\u00bb{}\u00bb]<\/p>\n<p>Nuestros Profesionales<\/p>\n<p>[\/et_pb_text][\/et_pb_column][\/et_pb_row][\/et_pb_section][et_pb_section fb_built=\u00bb1&#8243; _builder_version=\u00bb4.18.0&#8243; _module_preset=\u00bbdefault\u00bb da_disable_devices=\u00bboff|off|off\u00bb global_colors_info=\u00bb{}\u00bb da_is_popup=\u00bboff\u00bb da_exit_intent=\u00bboff\u00bb da_has_close=\u00bbon\u00bb da_alt_close=\u00bboff\u00bb da_dark_close=\u00bboff\u00bb da_not_modal=\u00bbon\u00bb da_is_singular=\u00bboff\u00bb da_with_loader=\u00bboff\u00bb da_has_shadow=\u00bbon\u00bb][et_pb_row _builder_version=\u00bb4.18.0&#8243; _module_preset=\u00bbdefault\u00bb global_colors_info=\u00bb{}\u00bb][et_pb_column type=\u00bb4_4&#8243; _builder_version=\u00bb4.18.0&#8243; _module_preset=\u00bbdefault\u00bb global_colors_info=\u00bb{}\u00bb][et_pb_toggle title=\u00bbBroncopulmonar\u00bb open_toggle_text_color=\u00bb#0C71C3&#8243; toggle_icon=\u00bb&#xe04f;||divi||400&#8243; _builder_version=\u00bb4.18.0&#8243; _module_preset=\u00bbdefault\u00bb title_level=\u00bbh2&#8243; title_font=\u00bb|600|||||||\u00bb title_font_size=\u00bb20px\u00bb body_font_size=\u00bb16px\u00bb global_colors_info=\u00bb{}\u00bb]<\/p>\n<p><span>Dra. Naydiut Muskus.\u00a0<\/span><\/p>\n<p>[\/et_pb_toggle][et_pb_toggle title=\u00bbCardiolog\u00eda \u00bb open_toggle_text_color=\u00bb#0C71C3&#8243; toggle_icon=\u00bb&#xe04f;||divi||400&#8243; _builder_version=\u00bb4.18.0&#8243; _module_preset=\u00bbdefault\u00bb title_level=\u00bbh2&#8243; title_font=\u00bb|600|||||||\u00bb title_font_size=\u00bb20px\u00bb body_font_size=\u00bb16px\u00bb global_colors_info=\u00bb{}\u00bb]<\/p>\n<p><span>Dr. Rub\u00e9n Aguayo N.<\/span><\/p>\n<p>[\/et_pb_toggle][et_pb_toggle title=\u00bbCirug\u00eda General\u00bb open_toggle_text_color=\u00bb#0C71C3&#8243; toggle_icon=\u00bb&#xe04f;||divi||400&#8243; _builder_version=\u00bb4.18.0&#8243; _module_preset=\u00bbdefault\u00bb title_level=\u00bbh2&#8243; title_font=\u00bb|600|||||||\u00bb title_font_size=\u00bb20px\u00bb body_font_size=\u00bb16px\u00bb global_colors_info=\u00bb{}\u00bb]<\/p>\n<p><span>Dr. Jos\u00e9 Figueroa B.<\/span><br \/><span>Dr. Aldo Madariaga A.<\/span><br \/><span>Dr. Carlos Tapia F.<\/span><br \/><span>Dr. Cesar Orellana.<\/span> <span><\/span><\/p>\n<p>[\/et_pb_toggle][et_pb_toggle title=\u00bbCirug\u00eda Infantil\u00bb open_toggle_text_color=\u00bb#0C71C3&#8243; toggle_icon=\u00bb&#xe04f;||divi||400&#8243; _builder_version=\u00bb4.18.0&#8243; _module_preset=\u00bbdefault\u00bb title_level=\u00bbh2&#8243; title_font=\u00bb|600|||||||\u00bb title_font_size=\u00bb20px\u00bb body_font_size=\u00bb16px\u00bb global_colors_info=\u00bb{}\u00bb]<\/p>\n<p><span>Dr. Miguel Morales C.<\/span><\/p>\n<p>[\/et_pb_toggle][et_pb_toggle title=\u00bbDermatolog\u00eda\u00bb open_toggle_text_color=\u00bb#0C71C3&#8243; toggle_icon=\u00bb&#xe04f;||divi||400&#8243; _builder_version=\u00bb4.18.0&#8243; _module_preset=\u00bbdefault\u00bb title_level=\u00bbh2&#8243; title_font=\u00bb|600|||||||\u00bb title_font_size=\u00bb20px\u00bb body_font_size=\u00bb16px\u00bb global_colors_info=\u00bb{}\u00bb]<\/p>\n<p><span>Dr. Gina C\u00f3rdova B.<\/span><br \/><span>Dr. Nicol\u00e1s Moya<\/span><\/p>\n<p>[\/et_pb_toggle][et_pb_toggle title=\u00bbEndocrinolog\u00eda\u00bb open_toggle_text_color=\u00bb#0C71C3&#8243; toggle_icon=\u00bb&#xe04f;||divi||400&#8243; _builder_version=\u00bb4.18.0&#8243; _module_preset=\u00bbdefault\u00bb title_level=\u00bbh2&#8243; title_font=\u00bb|600|||||||\u00bb title_font_size=\u00bb20px\u00bb body_font_size=\u00bb16px\u00bb global_colors_info=\u00bb{}\u00bb]<\/p>\n<p><span>Dr. Henry Pineda.<\/span><\/p>\n<p>[\/et_pb_toggle][et_pb_toggle title=\u00bbEnfermera Adulto\u00bb open_toggle_text_color=\u00bb#0C71C3&#8243; toggle_icon=\u00bb&#xe04f;||divi||400&#8243; _builder_version=\u00bb4.18.0&#8243; _module_preset=\u00bbdefault\u00bb title_level=\u00bbh2&#8243; title_font=\u00bb|600|||||||\u00bb title_font_size=\u00bb20px\u00bb body_font_size=\u00bb16px\u00bb global_colors_info=\u00bb{}\u00bb]<\/p>\n<p><span>EU. Danytza Rojas M.<\/span><\/p>\n<p>[\/et_pb_toggle][et_pb_toggle title=\u00bbEnfermera Infantil\u00bb open_toggle_text_color=\u00bb#0C71C3&#8243; toggle_icon=\u00bb&#xe04f;||divi||400&#8243; _builder_version=\u00bb4.18.0&#8243; _module_preset=\u00bbdefault\u00bb title_level=\u00bbh2&#8243; title_font=\u00bb|600|||||||\u00bb title_font_size=\u00bb20px\u00bb body_font_size=\u00bb16px\u00bb global_colors_info=\u00bb{}\u00bb]<\/p>\n<p><span>EU. Paulina Arancibia<\/span><\/p>\n<p>[\/et_pb_toggle][et_pb_toggle title=\u00bbFonoaudiolog\u00eda\u00bb open_toggle_text_color=\u00bb#0C71C3&#8243; toggle_icon=\u00bb&#xe04f;||divi||400&#8243; _builder_version=\u00bb4.18.0&#8243; _module_preset=\u00bbdefault\u00bb title_level=\u00bbh2&#8243; title_font=\u00bb|600|||||||\u00bb title_font_size=\u00bb20px\u00bb body_font_size=\u00bb16px\u00bb global_colors_info=\u00bb{}\u00bb]<\/p>\n<p><span>Srta. Vicky Palacios.<\/span><\/p>\n<p>[\/et_pb_toggle][et_pb_toggle title=\u00bbGineco-Obstetricia\u00bb open_toggle_text_color=\u00bb#0C71C3&#8243; toggle_icon=\u00bb&#xe04f;||divi||400&#8243; _builder_version=\u00bb4.18.0&#8243; _module_preset=\u00bbdefault\u00bb title_level=\u00bbh2&#8243; title_font=\u00bb|600|||||||\u00bb title_font_size=\u00bb20px\u00bb body_font_size=\u00bb16px\u00bb global_colors_info=\u00bb{}\u00bb]<\/p>\n<p>Dr. Javier Troncoso.<\/p>\n<p>[\/et_pb_toggle][et_pb_toggle title=\u00bbKinesiolog\u00eda Piso P\u00e9lvico\u00bb open_toggle_text_color=\u00bb#0C71C3&#8243; toggle_icon=\u00bb&#xe04f;||divi||400&#8243; _builder_version=\u00bb4.18.0&#8243; _module_preset=\u00bbdefault\u00bb title_level=\u00bbh2&#8243; title_font=\u00bb|600|||||||\u00bb title_font_size=\u00bb20px\u00bb body_font_size=\u00bb16px\u00bb global_colors_info=\u00bb{}\u00bb]<\/p>\n<p>Kin. Valerie Arancibia.<\/p>\n<p>[\/et_pb_toggle][et_pb_toggle title=\u00bbMatrona\u00bb open_toggle_text_color=\u00bb#0C71C3&#8243; toggle_icon=\u00bb&#xe04f;||divi||400&#8243; _builder_version=\u00bb4.18.0&#8243; _module_preset=\u00bbdefault\u00bb title_level=\u00bbh2&#8243; title_font=\u00bb|600|||||||\u00bb title_font_size=\u00bb20px\u00bb body_font_size=\u00bb16px\u00bb global_colors_info=\u00bb{}\u00bb]<\/p>\n<p>Nicol Quijanes O.<\/p>\n<p>[\/et_pb_toggle][et_pb_toggle title=\u00bbMedicina Familiar\u00bb open_toggle_text_color=\u00bb#0C71C3&#8243; toggle_icon=\u00bb&#xe04f;||divi||400&#8243; _builder_version=\u00bb4.18.0&#8243; _module_preset=\u00bbdefault\u00bb title_level=\u00bbh2&#8243; title_font=\u00bb|600|||||||\u00bb title_font_size=\u00bb20px\u00bb body_font_size=\u00bb16px\u00bb global_colors_info=\u00bb{}\u00bb]<\/p>\n<p><span>Dra. M\u00f3nica Barrera<\/span><br \/><span>Dra. Yadami Suarez V.<\/span><\/p>\n<p>[\/et_pb_toggle][et_pb_toggle title=\u00bbMedicina General\u00bb open_toggle_text_color=\u00bb#0C71C3&#8243; toggle_icon=\u00bb&#xe04f;||divi||400&#8243; _builder_version=\u00bb4.18.0&#8243; _module_preset=\u00bbdefault\u00bb title_level=\u00bbh2&#8243; title_font=\u00bb|600|||||||\u00bb title_font_size=\u00bb20px\u00bb body_font_size=\u00bb16px\u00bb global_colors_info=\u00bb{}\u00bb]<\/p>\n<p><span>Dr. Floreal Ayuso D.<\/span><br \/><span>Dr. Pedro Ocampo.<\/span><br \/>\u00a0<span>Dr. Tahir Muhhamad.<\/span><\/p>\n<p>[\/et_pb_toggle][et_pb_toggle title=\u00bbMedicina Interna\u00bb open_toggle_text_color=\u00bb#0C71C3&#8243; toggle_icon=\u00bb&#xe04f;||divi||400&#8243; _builder_version=\u00bb4.18.0&#8243; _module_preset=\u00bbdefault\u00bb title_level=\u00bbh2&#8243; title_font=\u00bb|600|||||||\u00bb title_font_size=\u00bb20px\u00bb body_font_size=\u00bb16px\u00bb global_colors_info=\u00bb{}\u00bb]<\/p>\n<p><span>Dr. Luis Cevallos B.<\/span><\/p>\n<p>[\/et_pb_toggle][et_pb_toggle title=\u00bbNeurolog\u00eda Infantil\u00bb open_toggle_text_color=\u00bb#0C71C3&#8243; toggle_icon=\u00bb&#xe04f;||divi||400&#8243; _builder_version=\u00bb4.18.0&#8243; _module_preset=\u00bbdefault\u00bb title_level=\u00bbh2&#8243; title_font=\u00bb|600|||||||\u00bb title_font_size=\u00bb20px\u00bb body_font_size=\u00bb16px\u00bb global_colors_info=\u00bb{}\u00bb]<\/p>\n<p><span>Dr. N\u00e9stor Irribarra E.<\/span><\/p>\n<p>[\/et_pb_toggle][et_pb_toggle title=\u00bbNutricionista\u00bb open_toggle_text_color=\u00bb#0C71C3&#8243; toggle_icon=\u00bb&#xe04f;||divi||400&#8243; _builder_version=\u00bb4.18.0&#8243; _module_preset=\u00bbdefault\u00bb title_level=\u00bbh2&#8243; title_font=\u00bb|600|||||||\u00bb title_font_size=\u00bb20px\u00bb body_font_size=\u00bb16px\u00bb global_colors_info=\u00bb{}\u00bb]<\/p>\n<p><span>Nutr. Graciela Ben\u00edtez M.<\/span><\/p>\n<p>[\/et_pb_toggle][et_pb_toggle title=\u00bbOdontolog\u00eda\u00bb open_toggle_text_color=\u00bb#0C71C3&#8243; toggle_icon=\u00bb&#xe04f;||divi||400&#8243; _builder_version=\u00bb4.18.0&#8243; _module_preset=\u00bbdefault\u00bb title_level=\u00bbh2&#8243; title_font=\u00bb|600|||||||\u00bb title_font_size=\u00bb20px\u00bb body_font_size=\u00bb16px\u00bb global_colors_info=\u00bb{}\u00bb]<\/p>\n<p>ODONTOLOG\u00cdA GENERAL<br \/>Dr. Alejandro Arroyo<br \/>Dra. Brenda Garc\u00eda<br \/>Dra. Camila Barrios<br \/>Dr. Enzo Corsini<br \/>Dr. Helmut Creixel<br \/>Dr. Mauro Villagr\u00e1n<br \/>Dr. Enzo Corsini<br \/>Dr. Juan Calder\u00f3n<\/p>\n<p>REHABILITACI\u00d3N ORAL<br \/>Dr. Luis Cadet<br \/>Dr. Rodrigo Am\u00e9stica<\/p>\n<p>PERIODONCIA<br \/>Dr. H\u00e9ctor Valenzuela<br \/>Dra. Carolina Dodds<br \/>Dra. Lili Zu\u00f1iga<\/p>\n<p>ORTODONCIA<br \/>Dra. Mar\u00eda Elena Castro<br \/>Dr. Juan Cuneo<\/p>\n<p>ENDODONCIA<br \/>Dr. Danilo Fernandez<br \/>Dra. Paola Cordella<\/p>\n<p>ODONTOPEDIATR\u00cdA<br \/>Dra. Alba G\u00f3mez<br \/>Dra. Margarita Gutierrez<\/p>\n<p>[\/et_pb_toggle][et_pb_toggle title=\u00bbOftalmolog\u00eda \u00bb open_toggle_text_color=\u00bb#0C71C3&#8243; toggle_icon=\u00bb&#xe04f;||divi||400&#8243; _builder_version=\u00bb4.18.0&#8243; _module_preset=\u00bbdefault\u00bb title_level=\u00bbh2&#8243; title_font=\u00bb|600|||||||\u00bb title_font_size=\u00bb20px\u00bb body_font_size=\u00bb16px\u00bb global_colors_info=\u00bb{}\u00bb]<\/p>\n<p>Dr. Francisco Andrighetti C.<br \/><span>Dra. Andrea Mardones C.<\/span><\/p>\n<p>[\/et_pb_toggle][et_pb_toggle title=\u00bbOtorrinolaringolog\u00eda\u00bb open_toggle_text_color=\u00bb#0C71C3&#8243; toggle_icon=\u00bb&#xe04f;||divi||400&#8243; _builder_version=\u00bb4.18.0&#8243; _module_preset=\u00bbdefault\u00bb title_level=\u00bbh2&#8243; title_font=\u00bb|600|||||||\u00bb title_font_size=\u00bb20px\u00bb body_font_size=\u00bb16px\u00bb global_colors_info=\u00bb{}\u00bb]<\/p>\n<p><span>Dr. Mario \u00c1lvarez T.<\/span><br \/><span>Dr. Cristian Morales.<\/span><\/p>\n<p>[\/et_pb_toggle][et_pb_toggle title=\u00bbPediatr\u00eda \u00bb open_toggle_text_color=\u00bb#0C71C3&#8243; toggle_icon=\u00bb&#xe04f;||divi||400&#8243; _builder_version=\u00bb4.18.0&#8243; _module_preset=\u00bbdefault\u00bb title_level=\u00bbh2&#8243; title_font=\u00bb|600|||||||\u00bb title_font_size=\u00bb20px\u00bb body_font_size=\u00bb16px\u00bb global_colors_info=\u00bb{}\u00bb]<\/p>\n<p>Dra. Eva Seferen.<br \/>Dr. Nestor Irribarra E.<br \/>Dr. Dagoberto Salvo.<br \/>Dr. Luis Rocha.<br \/>Dr. Miguel Rodriguez.<\/p>\n<p>[\/et_pb_toggle][et_pb_toggle title=\u00bbPsicolog\u00eda Adulto\u00bb open_toggle_text_color=\u00bb#0C71C3&#8243; toggle_icon=\u00bb&#xe04f;||divi||400&#8243; _builder_version=\u00bb4.18.0&#8243; _module_preset=\u00bbdefault\u00bb title_level=\u00bbh2&#8243; title_font=\u00bb|600|||||||\u00bb title_font_size=\u00bb20px\u00bb body_font_size=\u00bb16px\u00bb global_colors_info=\u00bb{}\u00bb]<\/p>\n<p>Ps. \u00c1lvaro Delon C.<br \/>Ps. Carla Porra S.<br \/>Ps. Claudio Ponce H.<br \/>Ps. Ketty Tefarikis J.<\/p>\n<p>[\/et_pb_toggle][et_pb_toggle title=\u00bbPsiquiatr\u00eda Adulto\u00bb open_toggle_text_color=\u00bb#0C71C3&#8243; toggle_icon=\u00bb&#xe04f;||divi||400&#8243; _builder_version=\u00bb4.18.0&#8243; _module_preset=\u00bbdefault\u00bb title_level=\u00bbh2&#8243; title_font=\u00bb|600|||||||\u00bb title_font_size=\u00bb20px\u00bb body_font_size=\u00bb16px\u00bb global_colors_info=\u00bb{}\u00bb]<\/p>\n<p><span>Dr. Walter Vas C.<\/span><\/p>\n<p>[\/et_pb_toggle][et_pb_toggle title=\u00bbPsiquiatr\u00eda Infantil\u00bb open_toggle_text_color=\u00bb#0C71C3&#8243; toggle_icon=\u00bb&#xe04f;||divi||400&#8243; _builder_version=\u00bb4.18.0&#8243; _module_preset=\u00bbdefault\u00bb title_level=\u00bbh2&#8243; title_font=\u00bb|600|||||||\u00bb title_font_size=\u00bb20px\u00bb body_font_size=\u00bb16px\u00bb global_colors_info=\u00bb{}\u00bb]<\/p>\n<p><span>Dr. Ana Arcos.<\/span><\/p>\n<p>[\/et_pb_toggle][et_pb_toggle title=\u00bbRadiolog\u00eda\u00bb open_toggle_text_color=\u00bb#0C71C3&#8243; toggle_icon=\u00bb&#xe04f;||divi||400&#8243; _builder_version=\u00bb4.18.0&#8243; _module_preset=\u00bbdefault\u00bb title_level=\u00bbh2&#8243; title_font=\u00bb|600|||||||\u00bb title_font_size=\u00bb20px\u00bb body_font_size=\u00bb16px\u00bb global_colors_info=\u00bb{}\u00bb]Dr. Bernardo Espinoza.<br \/>\nDr. Carlos Arellano.<br \/>\nDr.\u00a0 Mauricio Aldea.<\/p>\n<p>&nbsp;[\/et_pb_toggle][et_pb_toggle title=\u00bbSalud Ocupacional\u00bb open_toggle_text_color=\u00bb#0C71C3&#8243; toggle_icon=\u00bb&#xe04f;||divi||400&#8243; _builder_version=\u00bb4.18.0&#8243; _module_preset=\u00bbdefault\u00bb title_level=\u00bbh2&#8243; title_font=\u00bb|600|||||||\u00bb title_font_size=\u00bb20px\u00bb body_font_size=\u00bb16px\u00bb global_colors_info=\u00bb{}\u00bb]<\/p>\n<p>Dr. Floreal Ayuso.<br \/>Dr. Francisco Peran.<br \/>Psic\u00f3logo. Jorge Arriaza.<br \/>Kinesi\u00f3loga. Miriam Arcos.<br \/>Enfermera. Carolina S\u00e1ez.<br \/>Fonoaudi\u00f3logo. Nicol\u00e1s Sabaj.<\/p>\n<p>[\/et_pb_toggle][et_pb_toggle title=\u00bbTecn\u00f3logos M\u00e9dicos\u00bb open_toggle_text_color=\u00bb#0C71C3&#8243; toggle_icon=\u00bb&#xe04f;||divi||400&#8243; _builder_version=\u00bb4.18.0&#8243; _module_preset=\u00bbdefault\u00bb title_level=\u00bbh2&#8243; title_font=\u00bb|600|||||||\u00bb title_font_size=\u00bb20px\u00bb body_font_size=\u00bb16px\u00bb global_colors_info=\u00bb{}\u00bb]<\/p>\n<p>Vanessa Rivas (RX).<br \/>Paola Tapia (RX).<\/p>\n<p>[\/et_pb_toggle][et_pb_toggle title=\u00bbTraumatolog\u00eda Adulto\u00bb open_toggle_text_color=\u00bb#0C71C3&#8243; toggle_icon=\u00bb&#xe04f;||divi||400&#8243; _builder_version=\u00bb4.18.0&#8243; _module_preset=\u00bbdefault\u00bb title_level=\u00bbh2&#8243; title_font=\u00bb|600|||||||\u00bb title_font_size=\u00bb20px\u00bb body_font_size=\u00bb16px\u00bb hover_enabled=\u00bb0&#8243; global_colors_info=\u00bb{}\u00bb sticky_enabled=\u00bb0&#8243;]<\/p>\n<p>Dr. Marcelo Acevedo J.<br \/>Dr. Cristian Olgu\u00edn P.<br \/>Dr. Juan Rojas L.<br \/><span data-olk-copy-source=\"MessageBody\">Dr. Mauricio Nu\u00f1ez.<\/span><br \/>Dr. Hern\u00e1n Latorre V.<\/p>\n<p>[\/et_pb_toggle][et_pb_toggle title=\u00bbUrolog\u00eda \u00bb open_toggle_text_color=\u00bb#0C71C3&#8243; toggle_icon=\u00bb&#xe04f;||divi||400&#8243; _builder_version=\u00bb4.18.0&#8243; _module_preset=\u00bbdefault\u00bb title_level=\u00bbh2&#8243; title_font=\u00bb|600|||||||\u00bb title_font_size=\u00bb20px\u00bb body_font_size=\u00bb16px\u00bb global_colors_info=\u00bb{}\u00bb]<\/p>\n<p>Dr. Mauricio Donoso E.<br \/>Dr. Jorge Pe\u00f1a E.<\/p>\n<p>[\/et_pb_toggle][et_pb_toggle title=\u00bbReumatolog\u00eda \u00bb open_toggle_text_color=\u00bb#0C71C3&#8243; toggle_icon=\u00bb&#xe04f;||divi||400&#8243; _builder_version=\u00bb4.18.0&#8243; _module_preset=\u00bbdefault\u00bb title_level=\u00bbh2&#8243; title_font=\u00bb|600|||||||\u00bb title_font_size=\u00bb20px\u00bb body_font_size=\u00bb16px\u00bb global_colors_info=\u00bb{}\u00bb]<\/p>\n<p>Dr. Julio Cruz C.<\/p>\n<p>[\/et_pb_toggle][\/et_pb_column][\/et_pb_row][\/et_pb_section]<\/p>\n","protected":false},"excerpt":{"rendered":"<p>Nuestros ProfesionalesDra. Naydiut Muskus.\u00a0Dr. Rub\u00e9n Aguayo N.Dr. Jos\u00e9 Figueroa B.Dr. Aldo Madariaga A.Dr. Carlos Tapia F.Dr. Cesar Orellana. Dr. Miguel Morales C.Dr. Gina C\u00f3rdova B.Dr. Nicol\u00e1s MoyaDr. Henry Pineda.EU. Danytza Rojas M.EU. Paulina ArancibiaSrta. Vicky Palacios.Dr. Javier Troncoso.Kin. Valerie Arancibia.Nicol Quijanes O.Dra. M\u00f3nica BarreraDra. Yadami Suarez V.Dr. Floreal Ayuso D.Dr. Pedro Ocampo.\u00a0Dr. Tahir Muhhamad.Dr. Luis [&hellip;]<\/p>\n","protected":false},"author":2,"featured_media":0,"parent":0,"menu_order":0,"comment_status":"closed","ping_status":"closed","template":"","meta":{"_et_pb_use_builder":"on","_et_pb_old_content":"","_et_gb_content_width":""},"_links":{"self":[{"href":"https:\/\/www.clinicarioblanco.cl\/index.php?rest_route=\/wp\/v2\/pages\/94"}],"collection":[{"href":"https:\/\/www.clinicarioblanco.cl\/index.php?rest_route=\/wp\/v2\/pages"}],"about":[{"href":"https:\/\/www.clinicarioblanco.cl\/index.php?rest_route=\/wp\/v2\/types\/page"}],"author":[{"embeddable":true,"href":"https:\/\/www.clinicarioblanco.cl\/index.php?rest_route=\/wp\/v2\/users\/2"}],"replies":[{"embeddable":true,"href":"https:\/\/www.clinicarioblanco.cl\/index.php?rest_route=%2Fwp%2Fv2%2Fcomments&post=94"}],"version-history":[{"count":52,"href":"https:\/\/www.clinicarioblanco.cl\/index.php?rest_route=\/wp\/v2\/pages\/94\/revisions"}],"predecessor-version":[{"id":3352,"href":"https:\/\/www.clinicarioblanco.cl\/index.php?rest_route=\/wp\/v2\/pages\/94\/revisions\/3352"}],"wp:attachment":[{"href":"https:\/\/www.clinicarioblanco.cl\/index.php?rest_route=%2Fwp%2Fv2%2Fmedia&parent=94"}],"curies":[{"name":"wp","href":"https:\/\/api.w.org\/{rel}","templated":true}]}}