{"id":129,"date":"2022-08-23T15:14:11","date_gmt":"2022-08-23T15:14:11","guid":{"rendered":"https:\/\/www.clinicarioblanco.cl\/?page_id=129"},"modified":"2022-08-23T15:42:58","modified_gmt":"2022-08-23T15:42:58","slug":"kinesiologia","status":"publish","type":"page","link":"https:\/\/www.clinicarioblanco.cl\/?page_id=129","title":{"rendered":"Kinesiolog\u00eda"},"content":{"rendered":"<p>[et_pb_section fb_built=\u00bb1&#8243; _builder_version=\u00bb4.18.0&#8243; _module_preset=\u00bbdefault\u00bb background_color=\u00bbgcid-ea3780b4-edff-49eb-8a9d-bd9305f99ee1&#8243; hover_enabled=\u00bb0&#8243; global_colors_info=\u00bb{%22gcid-ea3780b4-edff-49eb-8a9d-bd9305f99ee1%22:%91%22background_color%22%93}\u00bb sticky_enabled=\u00bb0&#8243;][et_pb_row _builder_version=\u00bb4.18.0&#8243; _module_preset=\u00bbdefault\u00bb global_colors_info=\u00bb{}\u00bb][et_pb_column type=\u00bb4_4&#8243; _builder_version=\u00bb4.18.0&#8243; _module_preset=\u00bbdefault\u00bb global_colors_info=\u00bb{}\u00bb][et_pb_text _builder_version=\u00bb4.18.0&#8243; _module_preset=\u00bbdefault\u00bb text_font=\u00bbPoppins||||||||\u00bb text_text_color=\u00bb#FFFFFF\u00bb text_font_size=\u00bb75px\u00bb global_colors_info=\u00bb{}\u00bb]<\/p>\n<p>Kinesiolog\u00eda<\/p>\n<p>[\/et_pb_text][\/et_pb_column][\/et_pb_row][\/et_pb_section][et_pb_section fb_built=\u00bb1&#8243; _builder_version=\u00bb4.18.0&#8243; _module_preset=\u00bbdefault\u00bb global_colors_info=\u00bb{}\u00bb][et_pb_row _builder_version=\u00bb4.18.0&#8243; _module_preset=\u00bbdefault\u00bb global_colors_info=\u00bb{}\u00bb][et_pb_column type=\u00bb4_4&#8243; _builder_version=\u00bb4.18.0&#8243; _module_preset=\u00bbdefault\u00bb global_colors_info=\u00bb{}\u00bb][et_pb_text _builder_version=\u00bb4.18.0&#8243; _module_preset=\u00bbdefault\u00bb global_colors_info=\u00bb{}\u00bb]<\/p>\n<h3><strong>Comun\u00edcate al\u00a0<\/strong><a href=\"tel:342590673\"><strong>34-2590 673<\/strong><\/a><\/h3>\n<p>&nbsp;<\/p>\n<h4><strong>Horario de atenci\u00f3n Kinesiolog\u00eda.<\/strong><\/h4>\n<p><strong>Lunes a Viernes de 08:00 a 19:00 Hrs.<\/strong><\/p>\n<p>&nbsp;<\/p>\n<p>Esta unidad est\u00e1 conformada por 4 Kinesi\u00f3logos, entregando una terapia integral en las \u00e1reas de prevenci\u00f3n, tratamiento y seguimiento de patolog\u00edas del aparato locomotor y otros problemas funcionales sist\u00e9micos y discapacitantes, coordinando los conocimientos y t\u00e9cnicas de las disciplinas fundamentales de \u00e9sta \u00e1rea de salud.<\/p>\n<p>&nbsp;<\/p>\n<p>Kinesiolog\u00eda es un servicio de apoyo m\u00e9dico; presta atenci\u00f3n en forma ambulatoria.<\/p>\n<p>Las atenciones brindadas cubren un amplio abanico de prestaciones y programas para sus beneficiarios y comunidad del Valle del Aconcagua.<\/p>\n<p>Contamos con salas completamente equipadas y salas espec\u00edficas para cada una de estas \u00e1reas.\u00a0 Nuestros profesionales est\u00e1n debidamente capacitados para realizar una mejor atenci\u00f3n.<\/p>\n<p>&nbsp;<\/p>\n<h4>Prestaciones kinesiol\u00f3gicas<\/h4>\n<ul>\n<li>Rehabilitaci\u00f3n osteomuscular<\/li>\n<li>Rehabilitaci\u00f3n post quir\u00fargica traumatol\u00f3gica<\/li>\n<li>Kinesioterapia respiratoria adultos y ni\u00f1os<\/li>\n<\/ul>\n<p>[\/et_pb_text][\/et_pb_column][\/et_pb_row][\/et_pb_section]<\/p>\n","protected":false},"excerpt":{"rendered":"<p>Kinesiolog\u00edaComun\u00edcate al\u00a034-2590 673 &nbsp; Horario de atenci\u00f3n Kinesiolog\u00eda. Lunes a Viernes de 08:00 a 19:00 Hrs. &nbsp; Esta unidad est\u00e1 conformada por 4 Kinesi\u00f3logos, entregando una terapia integral en las \u00e1reas de prevenci\u00f3n, tratamiento y seguimiento de patolog\u00edas del aparato locomotor y otros problemas funcionales sist\u00e9micos y discapacitantes, coordinando los conocimientos y t\u00e9cnicas de las [&hellip;]<\/p>\n","protected":false},"author":2,"featured_media":0,"parent":0,"menu_order":0,"comment_status":"closed","ping_status":"closed","template":"","meta":{"_et_pb_use_builder":"on","_et_pb_old_content":"","_et_gb_content_width":""},"_links":{"self":[{"href":"https:\/\/www.clinicarioblanco.cl\/index.php?rest_route=\/wp\/v2\/pages\/129"}],"collection":[{"href":"https:\/\/www.clinicarioblanco.cl\/index.php?rest_route=\/wp\/v2\/pages"}],"about":[{"href":"https:\/\/www.clinicarioblanco.cl\/index.php?rest_route=\/wp\/v2\/types\/page"}],"author":[{"embeddable":true,"href":"https:\/\/www.clinicarioblanco.cl\/index.php?rest_route=\/wp\/v2\/users\/2"}],"replies":[{"embeddable":true,"href":"https:\/\/www.clinicarioblanco.cl\/index.php?rest_route=%2Fwp%2Fv2%2Fcomments&post=129"}],"version-history":[{"count":3,"href":"https:\/\/www.clinicarioblanco.cl\/index.php?rest_route=\/wp\/v2\/pages\/129\/revisions"}],"predecessor-version":[{"id":175,"href":"https:\/\/www.clinicarioblanco.cl\/index.php?rest_route=\/wp\/v2\/pages\/129\/revisions\/175"}],"wp:attachment":[{"href":"https:\/\/www.clinicarioblanco.cl\/index.php?rest_route=%2Fwp%2Fv2%2Fmedia&parent=129"}],"curies":[{"name":"wp","href":"https:\/\/api.w.org\/{rel}","templated":true}]}}