{"id":116,"date":"2022-08-23T14:50:26","date_gmt":"2022-08-23T14:50:26","guid":{"rendered":"https:\/\/www.clinicarioblanco.cl\/?page_id=116"},"modified":"2024-08-08T20:21:28","modified_gmt":"2024-08-08T20:21:28","slug":"centro-medico","status":"publish","type":"page","link":"https:\/\/www.clinicarioblanco.cl\/?page_id=116","title":{"rendered":"Centro M\u00e9dico"},"content":{"rendered":"<p>[et_pb_section fb_built=\u00bb1&#8243; _builder_version=\u00bb4.18.0&#8243; _module_preset=\u00bbdefault\u00bb background_color=\u00bbgcid-ea3780b4-edff-49eb-8a9d-bd9305f99ee1&#8243; da_disable_devices=\u00bboff|off|off\u00bb global_colors_info=\u00bb{%22gcid-ea3780b4-edff-49eb-8a9d-bd9305f99ee1%22:%91%22background_color%22%93}\u00bb da_is_popup=\u00bboff\u00bb da_exit_intent=\u00bboff\u00bb da_has_close=\u00bbon\u00bb da_alt_close=\u00bboff\u00bb da_dark_close=\u00bboff\u00bb da_not_modal=\u00bbon\u00bb da_is_singular=\u00bboff\u00bb da_with_loader=\u00bboff\u00bb da_has_shadow=\u00bbon\u00bb][et_pb_row _builder_version=\u00bb4.18.0&#8243; _module_preset=\u00bbdefault\u00bb global_colors_info=\u00bb{}\u00bb][et_pb_column type=\u00bb4_4&#8243; _builder_version=\u00bb4.18.0&#8243; _module_preset=\u00bbdefault\u00bb global_colors_info=\u00bb{}\u00bb][et_pb_text _builder_version=\u00bb4.18.0&#8243; _module_preset=\u00bbdefault\u00bb text_font=\u00bbPoppins||||||||\u00bb text_text_color=\u00bb#FFFFFF\u00bb text_font_size=\u00bb75px\u00bb global_colors_info=\u00bb{}\u00bb]<\/p>\n<p>Centro M\u00e9dico<\/p>\n<p>[\/et_pb_text][\/et_pb_column][\/et_pb_row][\/et_pb_section][et_pb_section fb_built=\u00bb1&#8243; _builder_version=\u00bb4.18.0&#8243; _module_preset=\u00bbdefault\u00bb da_disable_devices=\u00bboff|off|off\u00bb global_colors_info=\u00bb{}\u00bb da_is_popup=\u00bboff\u00bb da_exit_intent=\u00bboff\u00bb da_has_close=\u00bbon\u00bb da_alt_close=\u00bboff\u00bb da_dark_close=\u00bboff\u00bb da_not_modal=\u00bbon\u00bb da_is_singular=\u00bboff\u00bb da_with_loader=\u00bboff\u00bb da_has_shadow=\u00bbon\u00bb][et_pb_row _builder_version=\u00bb4.18.0&#8243; _module_preset=\u00bbdefault\u00bb global_colors_info=\u00bb{}\u00bb][et_pb_column type=\u00bb4_4&#8243; _builder_version=\u00bb4.18.0&#8243; _module_preset=\u00bbdefault\u00bb global_colors_info=\u00bb{}\u00bb][et_pb_text _builder_version=\u00bb4.18.0&#8243; _module_preset=\u00bbdefault\u00bb global_colors_info=\u00bb{}\u00bb]<\/p>\n<div class=\"et_pb_module et_pb_text et_pb_text_1  et_pb_text_align_left et_pb_bg_layout_light\">\n<div class=\"et_pb_text_inner\">\n<h4><span><strong>Horarios de atenci\u00f3n Centro M\u00e9dico.<\/strong><\/span><\/h4>\n<p><strong>De lunes a viernes de 08:00 a 20:00 hrs.<\/strong><\/p>\n<\/div>\n<\/div>\n<div class=\"et_pb_module et_pb_text et_pb_text_2  et_pb_text_align_left et_pb_bg_layout_light\">\n<div class=\"et_pb_text_inner\">\n<p>Esta unidad cuenta con variadas especialidades a su servicio, con profesionales en permanente perfeccionamiento, con capacitaciones en el extranjero, experiencia docente, y con los est\u00e1ndares definidos por la Superintendencia de Salud.<\/p>\n<p>El centro m\u00e9dico ambulatorio est\u00e1 abierto a toda la comunidad y ofrece distintas especialidades, donde destaca Otorrinolaringolog\u00eda y Oftalmolog\u00eda.<\/p>\n<p>Las consultas cuentan con un moderno sistema de fichas electr\u00f3nicas, que adem\u00e1s le permite al m\u00e9dico obtener inmediatamente toda la informaci\u00f3n e historial cl\u00ednico de los pacientes.<\/p>\n<p>Dos salas para procedimientos ambulatorios tales como: electrocardiogramas, procedimientos dermatol\u00f3gicos, curaciones, infiltraciones y cirug\u00edas ambulatorias.<\/p>\n<p>Dentro de nuestro centro m\u00e9dico contamos con las siguientes especialidades:<\/p>\n<p>&nbsp;<\/p>\n<table height=\"304\" style=\"width: 760px;\">\n<tbody>\n<tr>\n<td style=\"width: 221px;\">\n<p>\u00b7\u00a0\u00a0\u00a0\u00a0\u00a0\u00a0\u00a0 Cardiolog\u00eda<\/p>\n<p>\u00b7\u00a0\u00a0\u00a0\u00a0\u00a0\u00a0\u00a0 Cirug\u00eda Infantil<\/p>\n<p>\u00b7\u00a0\u00a0\u00a0\u00a0\u00a0\u00a0\u00a0 Cirug\u00eda general<\/p>\n<p>\u00b7\u00a0\u00a0\u00a0\u00a0\u00a0\u00a0\u00a0 Dermatolog\u00eda<\/p>\n<p>\u00b7\u00a0\u00a0\u00a0\u00a0\u00a0\u00a0\u00a0 Enfermer\u00eda<\/p>\n<\/td>\n<td style=\"width: 294px;\">\n<p>\u00b7\u00a0\u00a0\u00a0\u00a0\u00a0\u00a0\u00a0 Ginecolog\u00eda y Obstetricia<\/p>\n<p>\u00b7\u00a0\u00a0\u00a0\u00a0\u00a0\u00a0\u00a0 Matrona<\/p>\n<p>\u00b7\u00a0\u00a0\u00a0\u00a0\u00a0\u00a0\u00a0 Medicina Interna<\/p>\n<p>\u00b7\u00a0\u00a0\u00a0\u00a0\u00a0\u00a0\u00a0 Medicina General<\/p>\n<p>\u00b7\u00a0\u00a0\u00a0\u00a0\u00a0\u00a0\u00a0 Neurolog\u00eda Infantil<\/p>\n<p>\u00b7\u00a0\u00a0\u00a0\u00a0\u00a0\u00a0\u00a0 Nutricionista<\/p>\n<p>\u00b7\u00a0\u00a0\u00a0\u00a0\u00a0\u00a0\u00a0 Oftalmolog\u00eda<\/p>\n<p>\u00b7\u00a0\u00a0\u00a0\u00a0\u00a0\u00a0\u00a0 Otorrinolaringolog\u00eda<\/p>\n<\/td>\n<td style=\"width: 245px;\">\n<p>\u00b7\u00a0\u00a0\u00a0\u00a0\u00a0\u00a0\u00a0 Reumat\u00f3logo<\/p>\n<p>\u00b7\u00a0\u00a0\u00a0\u00a0\u00a0\u00a0\u00a0 Pediatr\u00eda<\/p>\n<p>\u00b7\u00a0\u00a0\u00a0\u00a0\u00a0\u00a0\u00a0 Psicolog\u00eda Adulto<\/p>\n<p>\u00b7\u00a0\u00a0\u00a0\u00a0\u00a0\u00a0\u00a0 Psicolog\u00eda Infantil<\/p>\n<p>\u00b7\u00a0\u00a0\u00a0\u00a0\u00a0\u00a0\u00a0 Psiquiatr\u00eda<\/p>\n<p>\u00b7\u00a0\u00a0\u00a0\u00a0\u00a0\u00a0\u00a0 Radiolog\u00eda<\/p>\n<p>\u00b7\u00a0\u00a0\u00a0\u00a0\u00a0\u00a0\u00a0 Traumatolog\u00eda<\/p>\n<p>\u00b7\u00a0\u00a0\u00a0\u00a0\u00a0\u00a0\u00a0 Urolog\u00eda<\/p>\n<\/td>\n<\/tr>\n<\/tbody>\n<\/table>\n<\/div>\n<\/div>\n<p>[\/et_pb_text][\/et_pb_column][\/et_pb_row][et_pb_row _builder_version=\u00bb4.18.0&#8243; _module_preset=\u00bbdefault\u00bb global_colors_info=\u00bb{}\u00bb][et_pb_column type=\u00bb4_4&#8243; _builder_version=\u00bb4.18.0&#8243; _module_preset=\u00bbdefault\u00bb global_colors_info=\u00bb{}\u00bb][et_pb_button button_url=\u00bbtel:342590500&#8243; button_text=\u00bbRESERVAR HORA\u00bb _builder_version=\u00bb4.18.0&#8243; _module_preset=\u00bbdefault\u00bb hover_enabled=\u00bb0&#8243; global_colors_info=\u00bb{}\u00bb sticky_enabled=\u00bb0&#8243;][\/et_pb_button][\/et_pb_column][\/et_pb_row][\/et_pb_section]<\/p>\n","protected":false},"excerpt":{"rendered":"<p>Centro M\u00e9dico Horarios de atenci\u00f3n Centro M\u00e9dico. De lunes a viernes de 08:00 a 20:00 hrs. Esta unidad cuenta con variadas especialidades a su servicio, con profesionales en permanente perfeccionamiento, con capacitaciones en el extranjero, experiencia docente, y con los est\u00e1ndares definidos por la Superintendencia de Salud. El centro m\u00e9dico ambulatorio est\u00e1 abierto a toda [&hellip;]<\/p>\n","protected":false},"author":2,"featured_media":0,"parent":0,"menu_order":0,"comment_status":"closed","ping_status":"closed","template":"","meta":{"_et_pb_use_builder":"on","_et_pb_old_content":"","_et_gb_content_width":""},"_links":{"self":[{"href":"https:\/\/www.clinicarioblanco.cl\/index.php?rest_route=\/wp\/v2\/pages\/116"}],"collection":[{"href":"https:\/\/www.clinicarioblanco.cl\/index.php?rest_route=\/wp\/v2\/pages"}],"about":[{"href":"https:\/\/www.clinicarioblanco.cl\/index.php?rest_route=\/wp\/v2\/types\/page"}],"author":[{"embeddable":true,"href":"https:\/\/www.clinicarioblanco.cl\/index.php?rest_route=\/wp\/v2\/users\/2"}],"replies":[{"embeddable":true,"href":"https:\/\/www.clinicarioblanco.cl\/index.php?rest_route=%2Fwp%2Fv2%2Fcomments&post=116"}],"version-history":[{"count":6,"href":"https:\/\/www.clinicarioblanco.cl\/index.php?rest_route=\/wp\/v2\/pages\/116\/revisions"}],"predecessor-version":[{"id":3296,"href":"https:\/\/www.clinicarioblanco.cl\/index.php?rest_route=\/wp\/v2\/pages\/116\/revisions\/3296"}],"wp:attachment":[{"href":"https:\/\/www.clinicarioblanco.cl\/index.php?rest_route=%2Fwp%2Fv2%2Fmedia&parent=116"}],"curies":[{"name":"wp","href":"https:\/\/api.w.org\/{rel}","templated":true}]}}